{"id":1483,"date":"2024-05-13T19:19:18","date_gmt":"2024-05-13T17:19:18","guid":{"rendered":"https:\/\/resonanco.com\/?page_id=1483"},"modified":"2024-05-24T09:24:35","modified_gmt":"2024-05-24T07:24:35","slug":"le-projet-resonance","status":"publish","type":"page","link":"https:\/\/resonanco.com\/index.php\/le-projet-resonance\/","title":{"rendered":"Le Projet R\u00e9sonance"},"content":{"rendered":"\n<p>Les entreprises \u00e9voluent aujourd\u2019hui dans un contexte plus complexe que jamais. Tensions sur le recrutement, acc\u00e9l\u00e9ration des crises et perturbations impactent les charges de travail et les liens humains, et n\u00e9cessitent une remise en cause permanente des processus et des m\u00e9thodes manag\u00e9riales.<\/p>\n\n\n\n<p>D&rsquo;une part, le bien-\u00eatre au travail et, d&rsquo;autre part, l\u2019engagement des \u00e9quipes dans un contexte global complexe, rev\u00eatent une importance capitale pour la performance optimale de l&rsquo;entreprise et l\u2019harmonie au travail.<\/p>\n\n\n\n<p>Autour du concept de<strong> <a href=\"https:\/\/www.cairn.info\/revue-projet-2018-6-page-90.htm\">R\u00e9sonance<\/a><\/strong> port\u00e9 par Hartmut Rosa, <a href=\"https:\/\/www.linkedin.com\/in\/christophe-mascarin\/\"><strong>Christophe MASCARIN<\/strong><\/a> et <a href=\"https:\/\/www.linkedin.com\/in\/phil-michel\/\"><strong>Philippe MICHEL<\/strong><\/a> se sont rencontr\u00e9s pour \u00e0 profit mettre ensemble leurs exp\u00e9riences respectives et proposer une solution d\u2019accompagnement couvrant les dimensions <strong>collectives<\/strong> et <strong>individuelles<\/strong> des probl\u00e9matiques des entreprises.<\/p>\n\n\n<div class=\"wp-block-image is-style-default\">\n<figure class=\"aligncenter size-full is-resized\"><img loading=\"lazy\" decoding=\"async\" width=\"769\" height=\"484\" src=\"https:\/\/resonanco.com\/wp-content\/uploads\/2024\/05\/Resonance-entreprise-2.jpg\" alt=\"\" class=\"wp-image-1544\" style=\"width:439px;height:auto\" srcset=\"https:\/\/resonanco.com\/wp-content\/uploads\/2024\/05\/Resonance-entreprise-2.jpg 769w, https:\/\/resonanco.com\/wp-content\/uploads\/2024\/05\/Resonance-entreprise-2-300x189.jpg 300w\" sizes=\"auto, (max-width: 769px) 100vw, 769px\" \/><\/figure>\n<\/div>\n\n\n<p>D\u2019un c\u00f4t\u00e9, l\u2019accompagnement collectif permet de fa\u00e7onner des projets de <strong>transformation organisationnelle <\/strong>en s\u2019appuyant sur les <strong>dynamiques de groupe <\/strong>et l<strong>\u2019intelligence collective.<\/strong><\/p>\n\n\n\n<p>De l\u2019autre, l\u2019accompagnement humain individuel <strong>donne aux collaborateurs les moyens et l\u2019envie <\/strong>de s\u2019impliquer dans les projets de transformation de l\u2019organisation.<\/p>\n\n\n\n<p>Le traitement conjoint des deux dimensions (organisation et individu) est un facteur de s\u00e9curisation voire de garantie de r\u00e9ussite des projets de transformation.<\/p>\n\n\n\n<h3 class=\"wp-block-heading\"><strong>Exemple Scale-up&nbsp; (startup mature qui doit acc\u00e9l\u00e9rer suite \u00e0 une lev\u00e9e de fonds)&nbsp;:<\/strong><\/h3>\n\n\n\n<p>La principale probl\u00e9matique organisationnelle de la scale-up est <strong>l\u2019Hypercroissance<\/strong>.<br>Comment doubler ou tripler les \u00e9quipes en quelques mois&nbsp;?<\/p>\n\n\n\n<p>Au niveau technique il va s\u2019agir de mettre en place un SI, des flux logistiques\u2026 Sur le plan l\u00e9gal et administratif cr\u00e9er du contrat, des process, trouver des locaux toujours trop petits ou trop grands.. Et au niveau organisationnel recruter, recruter\u2026 et faire fonctionner toutes les \u00e9quipes entre-elles, dans une ambiance agr\u00e9able et op\u00e9rationnelle.<\/p>\n\n\n\n<p>Deux principaux risques de ce dernier point&nbsp;:<\/p>\n\n\n\n<ul class=\"wp-block-list\">\n<li>Le turnover des nouveaux entrants (si la QVCT n\u2019est pas au RDV)<\/li>\n\n\n\n<li>La mont\u00e9e en comp\u00e9tence manag\u00e9riale des managers interm\u00e9diaires et de la direction g\u00e9n\u00e9rale (qui influera beaucoup sur la QVCT)<\/li>\n<\/ul>\n\n\n\n<p>Cette phase d\u2019hypercroissance doit \u00eatre accompagn\u00e9e \u00e0 la fois pour l\u2019organisation et pour les personnages clefs ou en souffrance.<\/p>\n\n\n\n<h3 class=\"wp-block-heading\"><strong>Exemple ETI en croissance organique<\/strong><\/h3>\n\n\n\n<p>TBC<\/p>\n\n\n\n<div class=\"wp-block-buttons is-content-justification-center is-layout-flex wp-container-core-buttons-is-layout-16018d1d wp-block-buttons-is-layout-flex\">\n<div class=\"wp-block-button is-style-fill\"><a class=\"wp-block-button__link has-white-color has-text-color has-background has-link-color wp-element-button\" href=\"https:\/\/resonanco.com\/index.php\/methodes\/\" style=\"background-color:#d3a902\">M\u00e9thodes<\/a><\/div>\n<\/div>\n","protected":false},"excerpt":{"rendered":"<p>Les entreprises \u00e9voluent aujourd\u2019hui dans un contexte plus complexe que jamais. Tensions sur le recrutement, acc\u00e9l\u00e9ration des crises et perturbations impactent les charges de travail et les liens humains, et &#8230;<\/p>\n","protected":false},"author":1,"featured_media":0,"parent":0,"menu_order":0,"comment_status":"closed","ping_status":"closed","template":"","meta":{"footnotes":""},"class_list":["post-1483","page","type-page","status-publish","hentry"],"_links":{"self":[{"href":"https:\/\/resonanco.com\/index.php\/wp-json\/wp\/v2\/pages\/1483","targetHints":{"allow":["GET"]}}],"collection":[{"href":"https:\/\/resonanco.com\/index.php\/wp-json\/wp\/v2\/pages"}],"about":[{"href":"https:\/\/resonanco.com\/index.php\/wp-json\/wp\/v2\/types\/page"}],"author":[{"embeddable":true,"href":"https:\/\/resonanco.com\/index.php\/wp-json\/wp\/v2\/users\/1"}],"replies":[{"embeddable":true,"href":"https:\/\/resonanco.com\/index.php\/wp-json\/wp\/v2\/comments?post=1483"}],"version-history":[{"count":4,"href":"https:\/\/resonanco.com\/index.php\/wp-json\/wp\/v2\/pages\/1483\/revisions"}],"predecessor-version":[{"id":1555,"href":"https:\/\/resonanco.com\/index.php\/wp-json\/wp\/v2\/pages\/1483\/revisions\/1555"}],"wp:attachment":[{"href":"https:\/\/resonanco.com\/index.php\/wp-json\/wp\/v2\/media?parent=1483"}],"curies":[{"name":"wp","href":"https:\/\/api.w.org\/{rel}","templated":true}]}}